{"id":226031,"date":"2021-05-07T08:37:21","date_gmt":"2021-05-07T08:37:21","guid":{"rendered":"https:\/\/demosdivi.lovelyconfetti.com\/vivienpro\/?page_id=226031"},"modified":"2025-06-15T09:25:41","modified_gmt":"2025-06-15T09:25:41","slug":"oferta","status":"publish","type":"page","link":"https:\/\/velvetweddings.pl\/?page_id=226031","title":{"rendered":"Oferta"},"content":{"rendered":"<p>[et_pb_section fb_built=&#8221;1&#8243; _builder_version=&#8221;4.25.1&#8243; _module_preset=&#8221;default&#8221; background_color=&#8221;rgba(255,255,255,0.5)&#8221; background_image=&#8221;https:\/\/demosdivi.lovelyconfetti.com\/vivienpro\/wp-content\/uploads\/sites\/13\/2021\/04\/Vivienpro-Header-1.jpg&#8221; background_blend=&#8221;overlay&#8221; background_enable_video_mp4=&#8221;off&#8221; global_colors_info=&#8221;{}&#8221;][et_pb_row use_custom_gutter=&#8221;on&#8221; gutter_width=&#8221;1&#8243; make_equal=&#8221;on&#8221; _builder_version=&#8221;4.16&#8243; _module_preset=&#8221;default&#8221; background_enable_color=&#8221;off&#8221; max_width=&#8221;700px&#8221; module_alignment=&#8221;center&#8221; border_color_all=&#8221;#FFFFFF&#8221; global_colors_info=&#8221;{}&#8221;][et_pb_column type=&#8221;4_4&#8243; _builder_version=&#8221;4.16&#8243; _module_preset=&#8221;default&#8221; global_colors_info=&#8221;{}&#8221;][et_pb_text _builder_version=&#8221;4.16&#8243; _module_preset=&#8221;default&#8221; text_font=&#8221;|600|||||||&#8221; text_text_color=&#8221;#9d8a46&#8243; text_font_size=&#8221;12px&#8221; text_letter_spacing=&#8221;2px&#8221; text_line_height=&#8221;2.1em&#8221; header_2_font=&#8221;auteur||||||||&#8221; header_2_text_align=&#8221;center&#8221; header_2_line_height=&#8221;1.3em&#8221; text_orientation=&#8221;center&#8221; global_colors_info=&#8221;{}&#8221;]<\/p>\n<p><strong>JAK MOG\u0118 WAS WESPRZE\u0106?<\/strong><\/p>\n<h1>OFERTA<\/h1>\n<p>[\/et_pb_text][et_pb_divider color=&#8221;#000000&#8243; _builder_version=&#8221;4.16&#8243; _module_preset=&#8221;default&#8221; width=&#8221;20%&#8221; module_alignment=&#8221;center&#8221; global_colors_info=&#8221;{}&#8221;][\/et_pb_divider][\/et_pb_column][\/et_pb_row][\/et_pb_section][et_pb_section fb_built=&#8221;1&#8243; module_class=&#8221;vivienpro_aboutsteps&#8221; _builder_version=&#8221;4.16&#8243; _module_preset=&#8221;default&#8221; background_enable_color=&#8221;off&#8221; background_enable_image=&#8221;off&#8221; background_size=&#8221;contain&#8221; background_position=&#8221;top_left&#8221; global_colors_info=&#8221;{}&#8221;][et_pb_row column_structure=&#8221;1_4,1_4,1_4,1_4&#8243; use_custom_gutter=&#8221;on&#8221; make_equal=&#8221;on&#8221; _builder_version=&#8221;4.16&#8243; _module_preset=&#8221;default&#8221; hover_enabled=&#8221;0&#8243; custom_css_before=&#8221;content: %22%22;||display: block;||width: 80%;||border-top: 1px solid #f7f2ee;||position: absolute;||top: 50%;||left: 0;||right: 0;||margin: auto;&#8221; global_colors_info=&#8221;{}&#8221; custom_css_before_last_edited=&#8221;on|tablet&#8221; custom_css_before_phone=&#8221;display: none;&#8221; custom_css_before_tablet=&#8221;content: %22%22;||display: block;||width: 80%;||border-top: 1px solid #f7f2ee;||position: absolute;||top: 50%;||left: 0;||right: 0;||margin: auto;&#8221; sticky_enabled=&#8221;0&#8243;][et_pb_column type=&#8221;1_4&#8243; module_class=&#8221;vivienpro_light_background&#8221; _builder_version=&#8221;4.16&#8243; _module_preset=&#8221;default&#8221; background_color=&#8221;#f7f2ee&#8221; custom_padding=&#8221;3vw|15px|2vw|15px|false|true&#8221; global_colors_info=&#8221;{}&#8221;][et_pb_blurb title=&#8221;Kompleksowa organizacja \u015blubu&#8221; image=&#8221;https:\/\/velvetweddings.pl\/wp-content\/uploads\/2025\/05\/wedding-day_4679948.png&#8221; _builder_version=&#8221;4.27.4&#8243; _module_preset=&#8221;default&#8221; header_level=&#8221;h3&#8243; header_text_align=&#8221;center&#8221; header_font_size=&#8221;20px&#8221; header_line_height=&#8221;1.1em&#8221; body_text_align=&#8221;center&#8221; animation=&#8221;off&#8221; hover_enabled=&#8221;0&#8243; custom_css_blurb_image=&#8221;max-width: 60px;&#8221; global_colors_info=&#8221;{}&#8221; sticky_enabled=&#8221;0&#8243;]<\/p>\n<p>Dla Par, kt\u00f3re chc\u0105 przej\u015b\u0107 przez ka\u017cdy etap przygotowa\u0144 z pe\u0142nym wsparciem profesjonalnego Wedding Plannera.<\/p>\n<p>[\/et_pb_blurb][\/et_pb_column][et_pb_column type=&#8221;1_4&#8243; module_class=&#8221;vivienpro_medium_background&#8221; _builder_version=&#8221;4.16&#8243; _module_preset=&#8221;default&#8221; background_color=&#8221;#efe5dc&#8221; custom_padding=&#8221;3vw|15px|2vw|15px|false|true&#8221; scroll_vertical_motion=&#8221;0|50|50|100|-2|0|2&#8243; global_colors_info=&#8221;{}&#8221;][et_pb_blurb title=&#8221;Cz\u0119\u015bciowa organizacja \u015blubu&#8221; image=&#8221;https:\/\/velvetweddings.pl\/wp-content\/uploads\/2025\/05\/party_14590907.png&#8221; _builder_version=&#8221;4.27.4&#8243; _module_preset=&#8221;default&#8221; header_level=&#8221;h3&#8243; header_text_align=&#8221;center&#8221; header_line_height=&#8221;1.1em&#8221; body_text_align=&#8221;center&#8221; animation=&#8221;off&#8221; hover_enabled=&#8221;0&#8243; custom_css_blurb_image=&#8221;max-width: 60px;&#8221; global_colors_info=&#8221;{}&#8221; sticky_enabled=&#8221;0&#8243;]<\/p>\n<p>Dla Par, kt\u00f3re rozpocz\u0119\u0142y ju\u017c przygotowania, ale czuj\u0105, \u017ce potrzebuj\u0105 wsparcia w wybranych obszarach.<\/p>\n<p>[\/et_pb_blurb][\/et_pb_column][et_pb_column type=&#8221;1_4&#8243; module_class=&#8221;vivienpro_light_background&#8221; _builder_version=&#8221;4.16&#8243; _module_preset=&#8221;default&#8221; background_color=&#8221;#f7f2ee&#8221; custom_padding=&#8221;3vw|15px|2vw|15px|false|true&#8221; global_colors_info=&#8221;{}&#8221;][et_pb_blurb title=&#8221;Koordynacja dnia \u015blubu&#8221; image=&#8221;https:\/\/velvetweddings.pl\/wp-content\/uploads\/2025\/05\/wedding_11061431.png&#8221; _builder_version=&#8221;4.27.4&#8243; _module_preset=&#8221;default&#8221; header_level=&#8221;h3&#8243; header_text_align=&#8221;center&#8221; header_font_size=&#8221;20px&#8221; header_line_height=&#8221;1.1em&#8221; body_text_align=&#8221;center&#8221; animation=&#8221;off&#8221; hover_enabled=&#8221;0&#8243; custom_css_blurb_image=&#8221;max-width: 60px;&#8221; global_colors_info=&#8221;{}&#8221; sticky_enabled=&#8221;0&#8243;]<\/p>\n<p>Dla Par, kt\u00f3re samodzielnie zaplanowa\u0142y sw\u00f3j \u015blub, ale chc\u0105 mie\u0107 pewno\u015b\u0107, \u017ce w dniu uroczysto\u015bci wszystko przebiegnie zgodnie z planem \u2013 bez stresu i niespodzianek.<\/p>\n<p>[\/et_pb_blurb][\/et_pb_column][et_pb_column type=&#8221;1_4&#8243; module_class=&#8221;vivienpro_medium_background&#8221; _builder_version=&#8221;4.16&#8243; _module_preset=&#8221;default&#8221; background_color=&#8221;#efe5dc&#8221; custom_padding=&#8221;3vw|15px|2vw|15px|false|true&#8221; global_colors_info=&#8221;{}&#8221;][et_pb_blurb title=&#8221;Typowanie lokalizacji&#8221; image=&#8221;https:\/\/velvetweddings.pl\/wp-content\/uploads\/2025\/05\/education-donation_18124941.png&#8221; _builder_version=&#8221;4.27.4&#8243; _module_preset=&#8221;default&#8221; header_level=&#8221;h3&#8243; header_text_align=&#8221;center&#8221; header_font_size=&#8221;20px&#8221; header_line_height=&#8221;1.1em&#8221; body_text_align=&#8221;center&#8221; animation=&#8221;off&#8221; custom_css_blurb_image=&#8221;max-width: 60px;&#8221; global_colors_info=&#8221;{}&#8221;]<\/p>\n<p>Dla Par, kt\u00f3re szukaj\u0105 idealnego miejsca na przyj\u0119cie weselne i chc\u0105 oszcz\u0119dzi\u0107 czas, zyskuj\u0105c pewno\u015b\u0107, \u017ce przegl\u0105daj\u0105 sprawdzone i dopasowane do ich oczekiwa\u0144 propozycje.<\/p>\n<p>[\/et_pb_blurb][\/et_pb_column][\/et_pb_row][\/et_pb_section][et_pb_section fb_built=&#8221;1&#8243; _builder_version=&#8221;4.16&#8243; _module_preset=&#8221;default&#8221; background_color=&#8221;RGBA(0,0,0,0)&#8221; custom_margin_tablet=&#8221;0px||||false|false&#8221; custom_margin_phone=&#8221;&#8221; custom_margin_last_edited=&#8221;on|tablet&#8221; custom_padding=&#8221;0px||||false|false&#8221; global_colors_info=&#8221;{}&#8221;][et_pb_row column_structure=&#8221;1_4,3_4&#8243; use_custom_gutter=&#8221;on&#8221; make_equal=&#8221;on&#8221; _builder_version=&#8221;4.27.4&#8243; _module_preset=&#8221;default&#8221; custom_margin=&#8221;||40px||false|false&#8221; global_colors_info=&#8221;{}&#8221;][et_pb_column type=&#8221;1_4&#8243; _builder_version=&#8221;4.27.4&#8243; _module_preset=&#8221;default&#8221; background_image=&#8221;https:\/\/velvetweddings.pl\/wp-content\/uploads\/2025\/06\/asiawojtek-155-scaled.jpg&#8221; custom_padding_tablet=&#8221;150px||150px||true|false&#8221; custom_padding_phone=&#8221;&#8221; custom_padding_last_edited=&#8221;on|tablet&#8221; global_colors_info=&#8221;{}&#8221;][\/et_pb_column][et_pb_column type=&#8221;3_4&#8243; _builder_version=&#8221;4.16&#8243; _module_preset=&#8221;default&#8221; background_enable_color=&#8221;off&#8221; custom_css_main_element=&#8221;||&#8221; global_colors_info=&#8221;{}&#8221;][et_pb_text _builder_version=&#8221;4.16&#8243; _module_preset=&#8221;default&#8221; text_text_color=&#8221;#9d8a46&#8243; text_font_size=&#8221;12px&#8221; text_letter_spacing=&#8221;2px&#8221; header_font_size=&#8221;28px&#8221; custom_margin=&#8221;||||false|false&#8221; custom_margin_tablet=&#8221;25px||||false|false&#8221; custom_margin_phone=&#8221;&#8221; custom_margin_last_edited=&#8221;on|tablet&#8221; custom_padding=&#8221;0px||0px||false|false&#8221; header_2_font_size_tablet=&#8221;&#8221; header_2_font_size_phone=&#8221;&#8221; header_2_font_size_last_edited=&#8221;on|tablet&#8221; global_colors_info=&#8221;{}&#8221;]<\/p>\n<h2>KOMPLEKSOWA ORGANIZACJA<br \/>\u015aLUBU I WESELA<\/h2>\n<div class=\"text__center\"><\/div>\n<p><strong>Dla Par, kt\u00f3re chc\u0105 przej\u015b\u0107 przez ka\u017cdy etap przygotowa\u0144 z pe\u0142nym wsparciem profesjonalnego Wedding Plannera.<\/strong><\/p>\n<p>[\/et_pb_text][et_pb_divider _builder_version=&#8221;4.16&#8243; _module_preset=&#8221;default&#8221; custom_margin=&#8221;||0px||false|false&#8221; custom_padding=&#8221;||0px||false|false&#8221; global_colors_info=&#8221;{}&#8221;][\/et_pb_divider][et_pb_text _builder_version=&#8221;4.27.4&#8243; _module_preset=&#8221;default&#8221; text_text_color=&#8221;#9d8a46&#8243; text_font_size=&#8221;12px&#8221; text_letter_spacing=&#8221;2px&#8221; header_font_size=&#8221;28px&#8221; custom_padding=&#8221;0px||0px||false|false&#8221; global_colors_info=&#8221;{}&#8221;]<\/p>\n<p><strong>W ramach wsp\u00f3\u0142pracy<\/strong><\/p>\n<p>[\/et_pb_text][et_pb_text _builder_version=&#8221;4.27.4&#8243; _module_preset=&#8221;default&#8221; custom_padding=&#8221;|||0px||&#8221; global_colors_info=&#8221;{}&#8221;]<\/p>\n<ul>\n<li>\n<h4>Okre\u015blam zakres us\u0142ug niezb\u0119dnych do organizacji uroczysto\u015bci<\/h4>\n<\/li>\n<li>\n<h4>Opracowuj\u0119 spersonalizowany scenariusz dnia \u015alubu i Wesela<\/h4>\n<\/li>\n<li>\n<h4>Przygotowuj\u0119 i prowadz\u0119 bud\u017cet \u015blubny<\/h4>\n<\/li>\n<li>\n<h4>Tworz\u0119 harmonogram dzia\u0142a\u0144 i realizuj\u0119 kolejne etapy zgodnie z planem<\/h4>\n<\/li>\n<li>\n<h4>Prowadz\u0119 spotkania z us\u0142ugodawcami oraz z Par\u0105 M\u0142od\u0105<\/h4>\n<\/li>\n<li>\n<h4>Weryfikuj\u0119 i omawiam umowy z podwykonawcami przed podpisaniem<\/h4>\n<\/li>\n<li>\n<h4>Koordynuj\u0119 prace wszystkich ekip \u2013 od monta\u017cu dekoracji po przygotowania kulinarne<\/h4>\n<\/li>\n<li>\n<h4>Nadzoruj\u0119 przebieg ceremonii oraz wesela<\/h4>\n<\/li>\n<li>\n<h4>Reaguj\u0119 na sytuacje nieprzewidziane \u2013 tak, by\u015bcie mogli skupi\u0107 si\u0119 tylko na sobie<\/h4>\n<\/li>\n<li>\n<h4>Pomagam w doborze podwykonawc\u00f3w, stylizacji, oprawy florystycznej i muzycznej, transportu, nocleg\u00f3w, atrakcji weselnych i wi\u0119cej<\/h4>\n<\/li>\n<\/ul>\n<p>[\/et_pb_text][\/et_pb_column][\/et_pb_row][et_pb_row column_structure=&#8221;1_4,3_4&#8243; use_custom_gutter=&#8221;on&#8221; make_equal=&#8221;on&#8221; _builder_version=&#8221;4.27.4&#8243; _module_preset=&#8221;default&#8221; custom_margin=&#8221;||40px||false|false&#8221; global_colors_info=&#8221;{}&#8221;][et_pb_column type=&#8221;1_4&#8243; _builder_version=&#8221;4.27.4&#8243; _module_preset=&#8221;default&#8221; background_image=&#8221;https:\/\/velvetweddings.pl\/wp-content\/uploads\/2025\/06\/asiawojtek-5-1-scaled.jpg&#8221; custom_padding_tablet=&#8221;150px||150px||true|false&#8221; custom_padding_phone=&#8221;&#8221; custom_padding_last_edited=&#8221;on|tablet&#8221; global_colors_info=&#8221;{}&#8221;][\/et_pb_column][et_pb_column type=&#8221;3_4&#8243; _builder_version=&#8221;4.16&#8243; _module_preset=&#8221;default&#8221; background_enable_color=&#8221;off&#8221; custom_css_main_element=&#8221;||&#8221; global_colors_info=&#8221;{}&#8221;][et_pb_text _builder_version=&#8221;4.16&#8243; _module_preset=&#8221;default&#8221; text_text_color=&#8221;#9d8a46&#8243; text_font_size=&#8221;12px&#8221; text_letter_spacing=&#8221;2px&#8221; header_font_size=&#8221;28px&#8221; custom_margin=&#8221;||||false|false&#8221; custom_margin_tablet=&#8221;25px||||false|false&#8221; custom_margin_phone=&#8221;&#8221; custom_margin_last_edited=&#8221;on|tablet&#8221; custom_padding=&#8221;0px||0px||false|false&#8221; header_2_font_size_tablet=&#8221;&#8221; header_2_font_size_phone=&#8221;&#8221; header_2_font_size_last_edited=&#8221;on|tablet&#8221; global_colors_info=&#8221;{}&#8221;]<\/p>\n<h2>CZ\u0118\u015aCIOWA ORGANIZACJA<br \/>\u015aLUBU I WESELA<\/h2>\n<div class=\"text__center\"><\/div>\n<p><strong>Dla Par, kt\u00f3re rozpocz\u0119\u0142y ju\u017c przygotowania, ale czuj\u0105, \u017ce potrzebuj\u0105 wsparcia w wybranych obszarach. <\/strong><\/p>\n<p>[\/et_pb_text][et_pb_divider _builder_version=&#8221;4.16&#8243; _module_preset=&#8221;default&#8221; custom_margin=&#8221;||0px||false|false&#8221; custom_padding=&#8221;||0px||false|false&#8221; global_colors_info=&#8221;{}&#8221;][\/et_pb_divider][et_pb_text _builder_version=&#8221;4.27.4&#8243; _module_preset=&#8221;default&#8221; text_text_color=&#8221;#9d8a46&#8243; text_font_size=&#8221;12px&#8221; text_letter_spacing=&#8221;2px&#8221; header_font_size=&#8221;28px&#8221; custom_padding=&#8221;0px||0px||false|false&#8221; global_colors_info=&#8221;{}&#8221;]<\/p>\n<p><strong>W ramach wsp\u00f3\u0142pracy<\/strong><\/p>\n<p>[\/et_pb_text][et_pb_text _builder_version=&#8221;4.27.4&#8243; _module_preset=&#8221;default&#8221; global_colors_info=&#8221;{}&#8221;]<\/p>\n<ul>\n<li>\n<h4>Wsp\u00f3lnie ustalamy zakres us\u0142ug, kt\u00f3rymi mam si\u0119 zaj\u0105\u0107<\/h4>\n<\/li>\n<li>\n<h4>Przejmuj\u0119 wybrane zadania organizacyjne \u2013 np. znalezienie brakuj\u0105cych podwykonawc\u00f3w, weryfikacj\u0119 um\u00f3w, prowadzenie bud\u017cetu czy koordynacj\u0119 dnia \u015blubu<\/h4>\n<\/li>\n<li>\n<h4>Uzupe\u0142niam harmonogram dzia\u0142a\u0144 i pilnuj\u0119 realizacji ustale\u0144<\/h4>\n<\/li>\n<li>\n<h4>Prowadz\u0119 spotkania z wybranymi us\u0142ugodawcami<\/h4>\n<\/li>\n<li>\n<h4>Doradzam i wspieram w podejmowaniu decyzji<\/h4>\n<\/li>\n<li>\n<h4>Pomagam uporz\u0105dkowa\u0107 dotychczasowe przygotowania i doprowadzi\u0107 je do ko\u0144ca<\/h4>\n<\/li>\n<li>\n<h4>Reaguj\u0119 na sytuacje nieprzewidziane<\/h4>\n<\/li>\n<\/ul>\n<p>[\/et_pb_text][\/et_pb_column][\/et_pb_row][et_pb_row column_structure=&#8221;1_4,3_4&#8243; use_custom_gutter=&#8221;on&#8221; make_equal=&#8221;on&#8221; _builder_version=&#8221;4.27.4&#8243; _module_preset=&#8221;default&#8221; custom_margin=&#8221;||40px||false|false&#8221; global_colors_info=&#8221;{}&#8221;][et_pb_column type=&#8221;1_4&#8243; _builder_version=&#8221;4.27.4&#8243; _module_preset=&#8221;default&#8221; background_image=&#8221;https:\/\/velvetweddings.pl\/wp-content\/uploads\/2025\/06\/w_d_repo_118-scaled.jpg&#8221; custom_padding_tablet=&#8221;150px||150px||true|false&#8221; custom_padding_phone=&#8221;&#8221; custom_padding_last_edited=&#8221;on|tablet&#8221; global_colors_info=&#8221;{}&#8221;][\/et_pb_column][et_pb_column type=&#8221;3_4&#8243; _builder_version=&#8221;4.16&#8243; _module_preset=&#8221;default&#8221; background_enable_color=&#8221;off&#8221; custom_css_main_element=&#8221;||&#8221; global_colors_info=&#8221;{}&#8221;][et_pb_text _builder_version=&#8221;4.16&#8243; _module_preset=&#8221;default&#8221; text_text_color=&#8221;#9d8a46&#8243; text_font_size=&#8221;12px&#8221; text_letter_spacing=&#8221;2px&#8221; header_font_size=&#8221;28px&#8221; custom_margin=&#8221;||||false|false&#8221; custom_margin_tablet=&#8221;25px||||false|false&#8221; custom_margin_phone=&#8221;&#8221; custom_margin_last_edited=&#8221;on|tablet&#8221; custom_padding=&#8221;0px||0px||false|false&#8221; header_2_font_size_tablet=&#8221;&#8221; header_2_font_size_phone=&#8221;&#8221; header_2_font_size_last_edited=&#8221;on|tablet&#8221; global_colors_info=&#8221;{}&#8221;]<\/p>\n<h2>KOORDYNACJA DNIA \u015aLUBU I WESELA<\/h2>\n<div class=\"text__center\"><\/div>\n<p><strong><span>Dla Par, kt\u00f3re samodzielnie zaplanowa\u0142y sw\u00f3j \u015blub, ale chc\u0105 mie\u0107 pewno\u015b\u0107, \u017ce w dniu uroczysto\u015bci wszystko przebiegnie zgodnie z planem \u2013 bez stresu i niespodzianek.<\/span><\/strong><\/p>\n<p>[\/et_pb_text][et_pb_divider _builder_version=&#8221;4.16&#8243; _module_preset=&#8221;default&#8221; custom_margin=&#8221;||0px||false|false&#8221; custom_padding=&#8221;||0px||false|false&#8221; global_colors_info=&#8221;{}&#8221;][\/et_pb_divider][et_pb_text _builder_version=&#8221;4.27.4&#8243; _module_preset=&#8221;default&#8221; text_text_color=&#8221;#9d8a46&#8243; text_font_size=&#8221;12px&#8221; text_letter_spacing=&#8221;2px&#8221; header_font_size=&#8221;28px&#8221; custom_padding=&#8221;0px||0px||false|false&#8221; global_colors_info=&#8221;{}&#8221;]<\/p>\n<p><strong>W ramach wsp\u00f3\u0142pracy<\/strong><\/p>\n<p>[\/et_pb_text][et_pb_text _builder_version=&#8221;4.27.4&#8243; _module_preset=&#8221;default&#8221; global_colors_info=&#8221;{}&#8221;]<\/p>\n<ul>\n<li>\n<h4>Opracowuj\u0119 szczeg\u00f3\u0142owy scenariusz dnia \u015blubu i wesela<\/h4>\n<\/li>\n<li>\n<h4>Kontaktuj\u0119 si\u0119 z podwykonawcami i przekazuj\u0119 im niezb\u0119dne informacje<\/h4>\n<\/li>\n<li>\n<h4>Jestem w sta\u0142ym kontakcie z Par\u0105 M\u0142od\u0105 i wszystkimi ekipami zaanga\u017cowanymi w realizacj\u0119 wydarzenia<\/h4>\n<\/li>\n<li>\n<h4>Koordynuj\u0119 monta\u017c dekoracji, przygotowanie sali i innych element\u00f3w technicznych<\/h4>\n<\/li>\n<li>\n<h4>Czuwam nad punktualnym przebiegiem ceremonii i przyj\u0119cia<\/h4>\n<\/li>\n<li>\n<h4>Reaguj\u0119 na sytuacje nieprzewidziane \u2013 dyskretnie i skutecznie<\/h4>\n<\/li>\n<li>\n<h4>Wspieram Par\u0119 M\u0142od\u0105, \u015bwiadk\u00f3w, rodzic\u00f3w i go\u015bci \u2013 by ka\u017cdy czu\u0142 si\u0119 zaopiekowany<\/h4>\n<\/li>\n<\/ul>\n<p>[\/et_pb_text][\/et_pb_column][\/et_pb_row][et_pb_row column_structure=&#8221;1_4,3_4&#8243; use_custom_gutter=&#8221;on&#8221; make_equal=&#8221;on&#8221; _builder_version=&#8221;4.27.4&#8243; _module_preset=&#8221;default&#8221; custom_margin=&#8221;||40px||false|false&#8221; global_colors_info=&#8221;{}&#8221;][et_pb_column type=&#8221;1_4&#8243; _builder_version=&#8221;4.27.4&#8243; _module_preset=&#8221;default&#8221; background_image=&#8221;https:\/\/velvetweddings.pl\/wp-content\/uploads\/2025\/06\/asiawojtek-177-scaled.jpg&#8221; custom_padding_tablet=&#8221;150px||150px||true|false&#8221; custom_padding_phone=&#8221;&#8221; custom_padding_last_edited=&#8221;on|tablet&#8221; global_colors_info=&#8221;{}&#8221;][\/et_pb_column][et_pb_column type=&#8221;3_4&#8243; _builder_version=&#8221;4.16&#8243; _module_preset=&#8221;default&#8221; background_enable_color=&#8221;off&#8221; custom_css_main_element=&#8221;||&#8221; global_colors_info=&#8221;{}&#8221;][et_pb_text _builder_version=&#8221;4.16&#8243; _module_preset=&#8221;default&#8221; text_text_color=&#8221;#9d8a46&#8243; text_font_size=&#8221;12px&#8221; text_letter_spacing=&#8221;2px&#8221; header_font_size=&#8221;28px&#8221; custom_margin=&#8221;||||false|false&#8221; custom_margin_tablet=&#8221;25px||||false|false&#8221; custom_margin_phone=&#8221;&#8221; custom_margin_last_edited=&#8221;on|tablet&#8221; custom_padding=&#8221;1px||0px||false|false&#8221; header_2_font_size_tablet=&#8221;&#8221; header_2_font_size_phone=&#8221;&#8221; header_2_font_size_last_edited=&#8221;on|tablet&#8221; global_colors_info=&#8221;{}&#8221;]<\/p>\n<h2>TYPOWANIE LOKALIZACJI<\/h2>\n<div class=\"text__center\"><\/div>\n<p><strong>Dla Par, kt\u00f3re szukaj\u0105 idealnego miejsca na przyj\u0119cie weselne i chc\u0105 oszcz\u0119dzi\u0107 czas, zyskuj\u0105c pewno\u015b\u0107, \u017ce przegl\u0105daj\u0105 sprawdzone i dopasowane do ich oczekiwa\u0144 propozycje.<\/strong><\/p>\n<p>[\/et_pb_text][et_pb_divider _builder_version=&#8221;4.16&#8243; _module_preset=&#8221;default&#8221; custom_margin=&#8221;||0px||false|false&#8221; custom_padding=&#8221;||0px||false|false&#8221; global_colors_info=&#8221;{}&#8221;][\/et_pb_divider][et_pb_text _builder_version=&#8221;4.27.4&#8243; _module_preset=&#8221;default&#8221; text_text_color=&#8221;#9d8a46&#8243; text_font_size=&#8221;12px&#8221; text_letter_spacing=&#8221;2px&#8221; header_font_size=&#8221;28px&#8221; custom_padding=&#8221;0px||0px||false|false&#8221; global_colors_info=&#8221;{}&#8221;]<\/p>\n<p><strong>W ramach wsp\u00f3\u0142pracy<\/strong><\/p>\n<p>[\/et_pb_text][et_pb_text _builder_version=&#8221;4.27.4&#8243; _module_preset=&#8221;default&#8221; custom_padding=&#8221;0px|||||&#8221; global_colors_info=&#8221;{}&#8221;]<\/p>\n<ul>\n<li>\n<h4>Poznaj\u0119 Wasze potrzeby i oczekiwania\u00a0<\/h4>\n<\/li>\n<li>\n<h4>Wyszukuj\u0119 dopasowane miejsca weselne i przygotowuj\u0119 zestawienie ofert<\/h4>\n<\/li>\n<li>\n<h4>Przesy\u0142am gotowy dokument z informacjami o lokalizacjach, menu, warunkach i dost\u0119pnych terminach<\/h4>\n<\/li>\n<li>\n<h4>Wst\u0119pnie rezerwuj\u0119 terminy w wybranych miejscach<\/h4>\n<\/li>\n<li>\n<h4>Umawiamy si\u0119 na wsp\u00f3lny rekonesans i odwiedzamy wytypowane sale<\/h4>\n<\/li>\n<li>\n<h4>Finaln\u0105 decyzj\u0119 i rezerwacj\u0119 podejmujecie ju\u017c z pe\u0142nym spokojem<\/h4>\n<\/li>\n<\/ul>\n<p>[\/et_pb_text][\/et_pb_column][\/et_pb_row][\/et_pb_section][et_pb_section fb_built=&#8221;1&#8243; module_class=&#8221;vivienpro_dark_background&#8221; _builder_version=&#8221;4.16&#8243; _module_preset=&#8221;default&#8221; background_color=&#8221;#333333&#8243; background_image=&#8221;https:\/\/demosdivi.lovelyconfetti.com\/vivienpro\/wp-content\/uploads\/sites\/13\/2021\/05\/vivienpro_shadow-1.png&#8221; custom_padding=&#8221;2%||2%||true|false&#8221; global_colors_info=&#8221;{}&#8221;][et_pb_row _builder_version=&#8221;4.16&#8243; _module_preset=&#8221;default&#8221; global_colors_info=&#8221;{}&#8221;][et_pb_column type=&#8221;4_4&#8243; _builder_version=&#8221;4.16&#8243; _module_preset=&#8221;default&#8221; global_colors_info=&#8221;{}&#8221;][et_pb_text _builder_version=&#8221;4.16&#8243; _module_preset=&#8221;default&#8221; text_letter_spacing=&#8221;2px&#8221; header_2_line_height=&#8221;2em&#8221; text_orientation=&#8221;center&#8221; background_layout=&#8221;dark&#8221; custom_margin=&#8221;||0px||false|false&#8221; custom_padding=&#8221;||0px||false|false&#8221; global_colors_info=&#8221;{}&#8221;]<\/p>\n<p>SKONTAKTUJ SI\u0118 ZE MN\u0104<\/p>\n<h2>ZORGANIZUJMY \u015aLUB, KT\u00d3RY ZAPAMI\u0118TACIE NA CA\u0141E \u017bYCIE<\/h2>\n<p>[\/et_pb_text][et_pb_divider color=&#8221;#FFFFFF&#8221; divider_position=&#8221;bottom&#8221; divider_weight=&#8221;50px&#8221; _builder_version=&#8221;4.16&#8243; _module_preset=&#8221;default&#8221; width=&#8221;1px&#8221; module_alignment=&#8221;center&#8221; custom_margin=&#8221;2%||||false|false&#8221; global_colors_info=&#8221;{}&#8221;][\/et_pb_divider][et_pb_button button_url=&#8221;https:\/\/velvetweddings.pl\/?page_id=223972&#8243; button_text=&#8221;ZAPYTAJ O SZCZEG\u00d3\u0141Y&#8221; button_alignment=&#8221;center&#8221; _builder_version=&#8221;4.27.4&#8243; _module_preset=&#8221;default&#8221; custom_button=&#8221;on&#8221; button_text_color=&#8221;#FFFFFF&#8221; button_bg_color=&#8221;RGBA(0,0,0,0)&#8221; button_border_color=&#8221;#FFFFFF&#8221; button_use_icon=&#8221;off&#8221; custom_padding=&#8221;9px|30px|9px|30px|true|true&#8221; global_colors_info=&#8221;{}&#8221;][\/et_pb_button][\/et_pb_column][\/et_pb_row][\/et_pb_section]<\/p>\n","protected":false},"excerpt":{"rendered":"<p>JAK MOG\u0118 WAS WESPRZE\u0106? OFERTADla Par, kt\u00f3re chc\u0105 przej\u015b\u0107 przez ka\u017cdy etap przygotowa\u0144 z pe\u0142nym wsparciem profesjonalnego Wedding Plannera.Dla Par, kt\u00f3re rozpocz\u0119\u0142y ju\u017c przygotowania, ale czuj\u0105, \u017ce potrzebuj\u0105 wsparcia w wybranych obszarach.Dla Par, kt\u00f3re samodzielnie zaplanowa\u0142y sw\u00f3j \u015blub, ale chc\u0105 mie\u0107 pewno\u015b\u0107, \u017ce w dniu uroczysto\u015bci wszystko przebiegnie zgodnie z planem \u2013 bez stresu i [&hellip;]<\/p>\n","protected":false},"author":2,"featured_media":0,"parent":0,"menu_order":0,"comment_status":"closed","ping_status":"closed","template":"","meta":{"_et_pb_use_builder":"on","_et_pb_old_content":"","_et_gb_content_width":"","footnotes":""},"class_list":["post-226031","page","type-page","status-publish","hentry"],"_links":{"self":[{"href":"https:\/\/velvetweddings.pl\/index.php?rest_route=\/wp\/v2\/pages\/226031","targetHints":{"allow":["GET"]}}],"collection":[{"href":"https:\/\/velvetweddings.pl\/index.php?rest_route=\/wp\/v2\/pages"}],"about":[{"href":"https:\/\/velvetweddings.pl\/index.php?rest_route=\/wp\/v2\/types\/page"}],"author":[{"embeddable":true,"href":"https:\/\/velvetweddings.pl\/index.php?rest_route=\/wp\/v2\/users\/2"}],"replies":[{"embeddable":true,"href":"https:\/\/velvetweddings.pl\/index.php?rest_route=%2Fwp%2Fv2%2Fcomments&post=226031"}],"version-history":[{"count":10,"href":"https:\/\/velvetweddings.pl\/index.php?rest_route=\/wp\/v2\/pages\/226031\/revisions"}],"predecessor-version":[{"id":230054,"href":"https:\/\/velvetweddings.pl\/index.php?rest_route=\/wp\/v2\/pages\/226031\/revisions\/230054"}],"wp:attachment":[{"href":"https:\/\/velvetweddings.pl\/index.php?rest_route=%2Fwp%2Fv2%2Fmedia&parent=226031"}],"curies":[{"name":"wp","href":"https:\/\/api.w.org\/{rel}","templated":true}]}}